{"id":1920,"date":"2018-03-09T09:05:50","date_gmt":"2018-03-09T08:05:50","guid":{"rendered":"https:\/\/bencke.de\/?page_id=1920"},"modified":"2018-08-24T09:06:35","modified_gmt":"2018-08-24T07:06:35","slug":"trockner","status":"publish","type":"page","link":"https:\/\/bencke.de\/staging\/trockner\/","title":{"rendered":"W\u00e4chetrockner"},"content":{"rendered":"<div id=\"pl-1920\"  class=\"panel-layout\" ><div id=\"pg-1920-0\"  class=\"panel-grid panel-has-style\" ><div class=\"test1 panel-row-style panel-row-style-for-1920-0\" ><div id=\"pgc-1920-0-0\"  class=\"panel-grid-cell\" ><div class=\"test2 panel-cell-style panel-cell-style-for-1920-0-0\" ><div id=\"panel-1920-0-0-0\" class=\"so-panel widget widget_sow-editor panel-first-child\" data-index=\"0\" ><div\n\t\t\t\n\t\t\tclass=\"so-widget-sow-editor so-widget-sow-editor-base\"\n\t\t\t\n\t\t>\n<div class=\"siteorigin-widget-tinymce textwidget\">\n\t<h1>W\u00e4schetrockner<\/h1>\n<\/div>\n<\/div><\/div><div id=\"panel-1920-0-0-1\" class=\"so-panel widget widget_sow-editor\" data-index=\"1\" ><div\n\t\t\t\n\t\t\tclass=\"so-widget-sow-editor so-widget-sow-editor-base\"\n\t\t\t\n\t\t>\n<div class=\"siteorigin-widget-tinymce textwidget\">\n\t<p><strong>W\u00e4schetrockner -<\/strong> <strong>m\u00fchelose W\u00e4schepflege im Sommer und Winter<\/strong><\/p>\n<p>Sparen Sie sich in Zukunft das Auf- und Abh\u00e4ngen auf W\u00e4scheleinen und trocknen Sie auch im Winter viel W\u00e4sche innerhalb k\u00fcrzester Zeit . In einem Trockner getrocknete W\u00e4sche l\u00e4sst sich au\u00dferdem leichter b\u00fcgeln und ist sch\u00f6n flauschig.<\/p>\n<p>Bei Bencke finden Sie viele verschiedene Modelle der effektiven Helfer f\u00fcr den Haushalt mit einer Beladungsmenge von bis zu 9 Kilo.<\/p>\n<p>Achten Sie auf die Energieeffizienzklasse, wenn Ihnen ein geringer Stromverbrauch wichtig ist. Wir beraten Sie gerne: ob Sie einen W\u00e4rmepumpentrockner mit niedrigem Energieverbrauch w\u00fcnschen oder ob Sie einen Kondenstrockner bevorzugen, der zwar mehr Energie verbraucht, sich aber in der Anschaffung als kosteng\u00fcnstiger erweist. M\u00f6chten Sie den Trockner h\u00e4ufiger einsetzen, lohnt sich in jedem Fall der h\u00f6here Anschaffungspreis eines Trockners mit einer W\u00e4rmepumpe.<\/p>\n<p>EURONICS-Service \u2013 bequeme Lieferung nach Hause f\u00fcr Ihren f\u00fcr Trockner.<\/p>\n<p>W\u00e4schetrockner sind sperrig und schwer. Wieso \u00fcberlassen Sie die Lieferung also nicht einfach dem Fachmann von Bencke? Wir liefern Ihren neuen W\u00e4schetrockner, stellen ihn auf und schlie\u00dfen ihn an, entfernen die Transportsicherungen. Unsere Bencke-Techniker erkl\u00e4ren Ihnen auf Wunsch auch die Grundfunktionen des Ger\u00e4ts und sorgen daf\u00fcr, dass Sie Ihren Trockner sofort nach Lieferung und Installation sicher und zuverl\u00e4ssig in Betrieb nehmen k\u00f6nnen. Selbstverst\u00e4ndlich entsorgen wir auf Wunsch ihr altes Ger\u00e4t fachgerecht<\/p>\n<\/div>\n<\/div><\/div><div id=\"panel-1920-0-0-2\" class=\"so-panel widget widget_sow-editor\" data-index=\"2\" ><div\n\t\t\t\n\t\t\tclass=\"so-widget-sow-editor so-widget-sow-editor-base\"\n\t\t\t\n\t\t>\n<div class=\"siteorigin-widget-tinymce textwidget\">\n\t<p>Unser Tip:<\/p>\n<p>Bedenken Sie nach Inbetriebnahme eines Trockners, dass Sie diesen regelm\u00e4\u00dfig reinigen m\u00fcssen. Entfernen Sie bei der Reinigung Flusen aus dem Sieb und leeren Sie bei einem Kondensationstrockner nach jedem Trockenvorgang den Kondenswasserbeh\u00e4lter, damit das Ger\u00e4t effizient arbeitet.<\/p>\n<\/div>\n<\/div><\/div><div id=\"panel-1920-0-0-3\" class=\"so-panel widget widget_sow-editor panel-last-child\" data-index=\"3\" ><div\n\t\t\t\n\t\t\tclass=\"so-widget-sow-editor so-widget-sow-editor-base\"\n\t\t\t\n\t\t>\n<div class=\"siteorigin-widget-tinymce textwidget\">\n\t<p>Einen W\u00e4schetrockner anschlie\u00dfen? Wir erledigen das f\u00fcr Sie!<\/p>\n<p>W\u00e4schetrockner sind sperrig und schwer, ihr Anschluss ist oft kein Kinderspiel. Wieso \u00fcberlassen Sie die Lieferung also nicht einfach dem Fachmann von Bencke? Wir liefern Ihren neuen W\u00e4schetrockner, stellen&nbsp;ihn auf und schlie\u00dfen&nbsp;ihn an, entfernen die Transportsicherungen und pr\u00fcfen die Wasseranschl\u00fcsse auf ihre Dichtheit. Unsere Bencke-Techniker erkl\u00e4ren Ihnen auf Wunsch auch die Grundfunktionen des Ger\u00e4ts und sorgen daf\u00fcr, dass Sie Ihrn W\u00e4schetrockner sofort nach Lieferung und Installation sicher und zuverl\u00e4ssig in Betrieb nehmen k\u00f6nnen. Selbstverst\u00e4ndlich entsorgen wir auf Wunsch ihr altes Ger\u00e4t fachgerecht.<\/p>\n<\/div>\n<\/div><\/div><\/div><\/div><div id=\"pgc-1920-0-1\"  class=\"panel-grid-cell\" ><div class=\"test2 panel-cell-style panel-cell-style-for-1920-0-1\" ><div id=\"panel-1920-0-1-0\" class=\"so-panel widget widget_pw_person_profile widget-person-profile panel-first-child\" data-index=\"4\" >\n\t<div class=\"card  person-profile\">\n\t\t\t\t<img decoding=\"async\" class=\"person-profile__image  wp-post-image\" src=\"https:\/\/bencke.de\/wp-content\/uploads\/2017\/05\/Michael.Schreder.jpg\" alt=\"Bild von Michael Schreder\">\n\t\t\t\t<div class=\"card-block  person-profile__container\">\n\t\t\t\t\t\t\t<div class=\"person-profile__social-icons\">\n\t\t\t\t\t\t\t\t\t\t\t<a class=\"person-profile__social-icon\" href=\"tel:+494141411131\" target=\"_self\"><i class=\"fa  fa-phone-square\"><\/i><\/a>\n\t\t\t\t\t\t\t\t\t\t\t<a class=\"person-profile__social-icon\" href=\"mailto:michael.schreder@bencke.de\" target=\"_self\"><i class=\"fa  fa-envelope-square\"><\/i><\/a>\n\t\t\t\t\t\t\t\t\t<\/div>\n\t\t\t\t\t\t<div class=\"person-profile__content\">\n\t\t\t\t\t\t\t\t\t<span class=\"person-profile__tag\">Fachberater wei\u00dfe Ware<\/span>\n\t\t\t\t\t\t\t\t<h4 class=\"card-title  person-profile__name\">Michael Schreder<\/h4>\n\t\t\t\t<p class=\"card-text  person-profile__description\">Telefon: 04141 41 11 31<\/p>\n\t\t\t<\/div>\n\t\t<\/div>\n\t<\/div>\n\n<\/div><div id=\"panel-1920-0-1-1\" class=\"so-panel widget widget_sow-editor panel-last-child\" data-index=\"5\" ><div\n\t\t\t\n\t\t\tclass=\"so-widget-sow-editor so-widget-sow-editor-base\"\n\t\t\t\n\t\t>\n<div class=\"siteorigin-widget-tinymce textwidget\">\n\t<h3>Ihre Vorteile<\/h3>\n<ul>\n<li>Pers\u00f6nliche, faire Beratung<\/li>\n<li>Service<\/li>\n<li>Eigene Meisterwerkstatt<\/li>\n<li>Eigener Kundendienst<\/li>\n<li>Montageservice<\/li>\n<li>Lieferung<\/li>\n<li>Preissicherheit \/ Preisgarantie<\/li>\n<li>Finanzierung<\/li>\n<li>Parkpl\u00e4tze<\/li>\n<li>Zentral in Stade gelegen<\/li>\n<li>Geschulte Mitarbeiter<\/li>\n<\/ul>\n<\/div>\n<\/div><\/div><\/div><\/div><\/div><\/div><div id=\"pg-1920-1\"  class=\"panel-grid panel-has-style\" ><div class=\"siteorigin-panels-stretch panel-row-style panel-row-style-for-1920-1\" data-stretch-type=\"full-stretched\" ><div id=\"pgc-1920-1-0\"  class=\"panel-grid-cell\" ><div id=\"panel-1920-1-0-0\" class=\"so-panel widget widget_black-studio-tinymce widget_black_studio_tinymce panel-first-child panel-last-child\" data-index=\"6\" ><div class=\"cmmap panel-widget-style panel-widget-style-for-1920-1-0-0\" ><div class=\"textwidget\"><p> <div class=\"brlbs-cmpnt-container brlbs-cmpnt-content-blocker brlbs-cmpnt-with-individual-styles\" data-borlabs-cookie-content-blocker-id=\"default\" data-borlabs-cookie-content=\"PGlmcmFtZSBsb2FkaW5nPSJsYXp5IiB3aWR0aD0iMTAwJSIgaGVpZ2h0PSI0MDAiIGZyYW1lYm9yZGVyPSIwIiBzY3JvbGxpbmc9Im5vIiBzcmM9Imh0dHBzOi8vYXBwcy5jaXR5LW1hcC5kZS9pbmRleC5waHAvTWFwcy9NYWluQ3VzdG9tZXIvMC8xNTY4L2FwcHMuY2l0eS1tYXAuZGUvZGUvaW50ZXJhY3RpdmUvNDUwLzQ1MC8yIj4gPC9pZnJhbWU+\"><div class=\"brlbs-cmpnt-cb-preset-a\"> <p class=\"brlbs-cmpnt-cb-description\">Sie sehen gerade einen Platzhalterinhalt von <strong>Standard<\/strong>. Um auf den eigentlichen Inhalt zuzugreifen, klicken Sie auf den Button unten. Bitte beachten Sie, dass dabei Daten an Drittanbieter weitergegeben werden.<\/p> <div class=\"brlbs-cmpnt-cb-buttons\"> <a class=\"brlbs-cmpnt-cb-btn\" href=\"#\" data-borlabs-cookie-unblock role=\"button\">Inhalt entsperren<\/a> <a class=\"brlbs-cmpnt-cb-btn\" href=\"#\" data-borlabs-cookie-accept-service role=\"button\" style=\"display: none\">Erforderlichen Service akzeptieren und Inhalte entsperren<\/a> <\/div> <a class=\"brlbs-cmpnt-cb-provider-toggle\" href=\"#\" data-borlabs-cookie-show-provider-information role=\"button\">Weitere Informationen<\/a> <\/div><\/div><\/p>\n<\/div><\/div><\/div><\/div><\/div><\/div><\/div>","protected":false},"excerpt":{"rendered":"<p>Widmen Sie sich entspannt Ihrem Kerngesch\u00e4ft zu, fokussiert auf erstklassige Produkte und Service sorgen wir mit unseren starken Partnern f\u00fcr Rund-um-die-Uhr-Funktionalit\u00e4t.<\/p>\n","protected":false},"author":2,"featured_media":1297,"parent":0,"menu_order":0,"comment_status":"closed","ping_status":"closed","template":"template-front-page-slider.php","meta":{"_acf_changed":false,"footnotes":""},"class_list":["post-1920","page","type-page","status-publish","has-post-thumbnail","hentry"],"acf":[],"yoast_head":"<!-- This site is optimized with the Yoast SEO plugin v27.5 - https:\/\/yoast.com\/product\/yoast-seo-wordpress\/ -->\n<title>W\u00e4chetrockner | BENCKE Stade<\/title>\n<meta name=\"description\" content=\"W\u00e4schetrockner - m\u00fchelose W\u00e4schepflege im Sommer und Winter\" \/>\n<meta name=\"robots\" content=\"noindex, follow, max-snippet:-1, max-image-preview:large, max-video-preview:-1\" \/>\n<meta property=\"og:locale\" content=\"de_DE\" \/>\n<meta property=\"og:type\" content=\"article\" \/>\n<meta property=\"og:title\" content=\"W\u00e4chetrockner | BENCKE Stade\" \/>\n<meta property=\"og:description\" content=\"W\u00e4schetrockner - m\u00fchelose W\u00e4schepflege im Sommer und Winter\" \/>\n<meta property=\"og:url\" content=\"https:\/\/bencke.de\/staging\/trockner\/\" \/>\n<meta property=\"og:site_name\" content=\"BENCKE multimedia GmbH Staging\" \/>\n<meta property=\"article:publisher\" content=\"https:\/\/www.facebook.com\/Bencke-Multimedia-GmbH-109591069133129\/\" \/>\n<meta property=\"article:modified_time\" content=\"2018-08-24T07:06:35+00:00\" \/>\n<meta property=\"og:image\" content=\"https:\/\/bencke.de\/staging\/wp-content\/uploads\/2017\/05\/IMG_1651.jpg\" \/>\n\t<meta property=\"og:image:width\" content=\"1920\" \/>\n\t<meta property=\"og:image:height\" content=\"600\" \/>\n\t<meta property=\"og:image:type\" content=\"image\/jpeg\" \/>\n<meta name=\"twitter:card\" content=\"summary_large_image\" \/>\n<meta name=\"twitter:label1\" content=\"Gesch\u00e4tzte Lesezeit\" \/>\n\t<meta name=\"twitter:data1\" content=\"2\u00a0Minuten\" \/>\n<script type=\"application\/ld+json\" class=\"yoast-schema-graph\">{\"@context\":\"https:\\\/\\\/schema.org\",\"@graph\":[{\"@type\":\"WebPage\",\"@id\":\"https:\\\/\\\/bencke.de\\\/staging\\\/trockner\\\/\",\"url\":\"https:\\\/\\\/bencke.de\\\/staging\\\/trockner\\\/\",\"name\":\"W\u00e4chetrockner | BENCKE Stade\",\"isPartOf\":{\"@id\":\"https:\\\/\\\/bencke.de\\\/staging\\\/#website\"},\"primaryImageOfPage\":{\"@id\":\"https:\\\/\\\/bencke.de\\\/staging\\\/trockner\\\/#primaryimage\"},\"image\":{\"@id\":\"https:\\\/\\\/bencke.de\\\/staging\\\/trockner\\\/#primaryimage\"},\"thumbnailUrl\":\"https:\\\/\\\/bencke.de\\\/staging\\\/wp-content\\\/uploads\\\/2017\\\/05\\\/IMG_1651.jpg\",\"datePublished\":\"2018-03-09T08:05:50+00:00\",\"dateModified\":\"2018-08-24T07:06:35+00:00\",\"description\":\"W\u00e4schetrockner - m\u00fchelose W\u00e4schepflege im Sommer und Winter\",\"breadcrumb\":{\"@id\":\"https:\\\/\\\/bencke.de\\\/staging\\\/trockner\\\/#breadcrumb\"},\"inLanguage\":\"de\",\"potentialAction\":[{\"@type\":\"ReadAction\",\"target\":[\"https:\\\/\\\/bencke.de\\\/staging\\\/trockner\\\/\"]}]},{\"@type\":\"ImageObject\",\"inLanguage\":\"de\",\"@id\":\"https:\\\/\\\/bencke.de\\\/staging\\\/trockner\\\/#primaryimage\",\"url\":\"https:\\\/\\\/bencke.de\\\/staging\\\/wp-content\\\/uploads\\\/2017\\\/05\\\/IMG_1651.jpg\",\"contentUrl\":\"https:\\\/\\\/bencke.de\\\/staging\\\/wp-content\\\/uploads\\\/2017\\\/05\\\/IMG_1651.jpg\",\"width\":1920,\"height\":600},{\"@type\":\"BreadcrumbList\",\"@id\":\"https:\\\/\\\/bencke.de\\\/staging\\\/trockner\\\/#breadcrumb\",\"itemListElement\":[{\"@type\":\"ListItem\",\"position\":1,\"name\":\"Startseite\",\"item\":\"https:\\\/\\\/bencke.de\\\/staging\\\/\"},{\"@type\":\"ListItem\",\"position\":2,\"name\":\"W\u00e4chetrockner\"}]},{\"@type\":\"WebSite\",\"@id\":\"https:\\\/\\\/bencke.de\\\/staging\\\/#website\",\"url\":\"https:\\\/\\\/bencke.de\\\/staging\\\/\",\"name\":\"BENCKE multimedia GmbH Staging\",\"description\":\"\",\"potentialAction\":[{\"@type\":\"SearchAction\",\"target\":{\"@type\":\"EntryPoint\",\"urlTemplate\":\"https:\\\/\\\/bencke.de\\\/staging\\\/?s={search_term_string}\"},\"query-input\":{\"@type\":\"PropertyValueSpecification\",\"valueRequired\":true,\"valueName\":\"search_term_string\"}}],\"inLanguage\":\"de\"}]}<\/script>\n<!-- \/ Yoast SEO plugin. -->","yoast_head_json":{"title":"W\u00e4chetrockner | BENCKE Stade","description":"W\u00e4schetrockner - m\u00fchelose W\u00e4schepflege im Sommer und Winter","robots":{"index":"noindex","follow":"follow","max-snippet":"max-snippet:-1","max-image-preview":"max-image-preview:large","max-video-preview":"max-video-preview:-1"},"og_locale":"de_DE","og_type":"article","og_title":"W\u00e4chetrockner | BENCKE Stade","og_description":"W\u00e4schetrockner - m\u00fchelose W\u00e4schepflege im Sommer und Winter","og_url":"https:\/\/bencke.de\/staging\/trockner\/","og_site_name":"BENCKE multimedia GmbH Staging","article_publisher":"https:\/\/www.facebook.com\/Bencke-Multimedia-GmbH-109591069133129\/","article_modified_time":"2018-08-24T07:06:35+00:00","og_image":[{"width":1920,"height":600,"url":"https:\/\/bencke.de\/staging\/wp-content\/uploads\/2017\/05\/IMG_1651.jpg","type":"image\/jpeg"}],"twitter_card":"summary_large_image","twitter_misc":{"Gesch\u00e4tzte Lesezeit":"2\u00a0Minuten"},"schema":{"@context":"https:\/\/schema.org","@graph":[{"@type":"WebPage","@id":"https:\/\/bencke.de\/staging\/trockner\/","url":"https:\/\/bencke.de\/staging\/trockner\/","name":"W\u00e4chetrockner | BENCKE Stade","isPartOf":{"@id":"https:\/\/bencke.de\/staging\/#website"},"primaryImageOfPage":{"@id":"https:\/\/bencke.de\/staging\/trockner\/#primaryimage"},"image":{"@id":"https:\/\/bencke.de\/staging\/trockner\/#primaryimage"},"thumbnailUrl":"https:\/\/bencke.de\/staging\/wp-content\/uploads\/2017\/05\/IMG_1651.jpg","datePublished":"2018-03-09T08:05:50+00:00","dateModified":"2018-08-24T07:06:35+00:00","description":"W\u00e4schetrockner - m\u00fchelose W\u00e4schepflege im Sommer und Winter","breadcrumb":{"@id":"https:\/\/bencke.de\/staging\/trockner\/#breadcrumb"},"inLanguage":"de","potentialAction":[{"@type":"ReadAction","target":["https:\/\/bencke.de\/staging\/trockner\/"]}]},{"@type":"ImageObject","inLanguage":"de","@id":"https:\/\/bencke.de\/staging\/trockner\/#primaryimage","url":"https:\/\/bencke.de\/staging\/wp-content\/uploads\/2017\/05\/IMG_1651.jpg","contentUrl":"https:\/\/bencke.de\/staging\/wp-content\/uploads\/2017\/05\/IMG_1651.jpg","width":1920,"height":600},{"@type":"BreadcrumbList","@id":"https:\/\/bencke.de\/staging\/trockner\/#breadcrumb","itemListElement":[{"@type":"ListItem","position":1,"name":"Startseite","item":"https:\/\/bencke.de\/staging\/"},{"@type":"ListItem","position":2,"name":"W\u00e4chetrockner"}]},{"@type":"WebSite","@id":"https:\/\/bencke.de\/staging\/#website","url":"https:\/\/bencke.de\/staging\/","name":"BENCKE multimedia GmbH Staging","description":"","potentialAction":[{"@type":"SearchAction","target":{"@type":"EntryPoint","urlTemplate":"https:\/\/bencke.de\/staging\/?s={search_term_string}"},"query-input":{"@type":"PropertyValueSpecification","valueRequired":true,"valueName":"search_term_string"}}],"inLanguage":"de"}]}},"_links":{"self":[{"href":"https:\/\/bencke.de\/staging\/wp-json\/wp\/v2\/pages\/1920","targetHints":{"allow":["GET"]}}],"collection":[{"href":"https:\/\/bencke.de\/staging\/wp-json\/wp\/v2\/pages"}],"about":[{"href":"https:\/\/bencke.de\/staging\/wp-json\/wp\/v2\/types\/page"}],"author":[{"embeddable":true,"href":"https:\/\/bencke.de\/staging\/wp-json\/wp\/v2\/users\/2"}],"replies":[{"embeddable":true,"href":"https:\/\/bencke.de\/staging\/wp-json\/wp\/v2\/comments?post=1920"}],"version-history":[{"count":19,"href":"https:\/\/bencke.de\/staging\/wp-json\/wp\/v2\/pages\/1920\/revisions"}],"predecessor-version":[{"id":2249,"href":"https:\/\/bencke.de\/staging\/wp-json\/wp\/v2\/pages\/1920\/revisions\/2249"}],"wp:featuredmedia":[{"embeddable":true,"href":"https:\/\/bencke.de\/staging\/wp-json\/wp\/v2\/media\/1297"}],"wp:attachment":[{"href":"https:\/\/bencke.de\/staging\/wp-json\/wp\/v2\/media?parent=1920"}],"curies":[{"name":"wp","href":"https:\/\/api.w.org\/{rel}","templated":true}]}}