{"id":864,"date":"2017-05-09T16:37:36","date_gmt":"2017-05-09T14:37:36","guid":{"rendered":"https:\/\/bencke.de\/?page_id=864"},"modified":"2018-08-24T09:04:03","modified_gmt":"2018-08-24T07:04:03","slug":"medientechnik-konferenzraeume","status":"publish","type":"page","link":"https:\/\/bencke.de\/staging\/medientechnik-konferenzraeume\/","title":{"rendered":"Medientechnik &#038; Konferenzr\u00e4ume"},"content":{"rendered":"<div id=\"pl-864\"  class=\"panel-layout\" ><div id=\"pg-864-0\"  class=\"panel-grid panel-has-style\" ><div class=\"test1 panel-row-style panel-row-style-for-864-0\" ><div id=\"pgc-864-0-0\"  class=\"panel-grid-cell\" ><div class=\"test2 panel-cell-style panel-cell-style-for-864-0-0\" ><div id=\"panel-864-0-0-0\" class=\"so-panel widget widget_sow-editor panel-first-child\" data-index=\"0\" ><div\n\t\t\t\n\t\t\tclass=\"so-widget-sow-editor so-widget-sow-editor-base\"\n\t\t\t\n\t\t>\n<div class=\"siteorigin-widget-tinymce textwidget\">\n\t<h1>Medientechnik &amp; Konferenzr\u00e4ume<\/h1>\n<\/div>\n<\/div><\/div><div id=\"panel-864-0-0-1\" class=\"so-panel widget widget_sow-editor panel-last-child\" data-index=\"1\" ><div\n\t\t\t\n\t\t\tclass=\"so-widget-sow-editor so-widget-sow-editor-base\"\n\t\t\t\n\t\t>\n<div class=\"siteorigin-widget-tinymce textwidget\">\n\t<p><strong>Ob sie einen Beamer oder Gro\u00dfformatmonitor ben\u00f6tigen f\u00fcr Ihr privates Kinozimmer oder professionell im Konferenzraum, sprechen Sie uns an.<br \/> Beamer sind heutzutage wahre Allesk\u00f6nner, unterscheiden Sich jedoch je nach dem wozu sie benutzt werden. Ein Ger\u00e4t das als Kinoprojektor benutzt wird muss andere Merkmale besitzen als ein Beamer \u00fcber den unterschiedlichen Pr\u00e4sentationen, Exceltabellen, Fotos usw. \u00fcber verschiedene Quellen wiedergegeben werden soll. Ach die Entfernung zur Leinwand und Restlicht spielen eine gro\u00dfe Rolle. Sprechen sie uns einfach an und wir beraten sie gerne auch bei Ihnen vor Ort.<\/strong><\/p>\n<\/div>\n<\/div><\/div><\/div><\/div><div id=\"pgc-864-0-1\"  class=\"panel-grid-cell\" ><div class=\"test2 panel-cell-style panel-cell-style-for-864-0-1\" ><div id=\"panel-864-0-1-0\" class=\"so-panel widget widget_pw_person_profile widget-person-profile panel-first-child\" data-index=\"2\" >\n\t<div class=\"card  person-profile\">\n\t\t\t\t<img decoding=\"async\" class=\"person-profile__image  wp-post-image\" src=\"https:\/\/bencke.de\/wp-content\/uploads\/2017\/05\/Dierk.Schroeder.jpg\" alt=\"Bild von Dirk Schroeder\">\n\t\t\t\t<div class=\"card-block  person-profile__container\">\n\t\t\t\t\t\t\t<div class=\"person-profile__social-icons\">\n\t\t\t\t\t\t\t\t\t\t\t<a class=\"person-profile__social-icon\" href=\"tel:+494141411140\" target=\"_self\"><i class=\"fa  fa-phone-square\"><\/i><\/a>\n\t\t\t\t\t\t\t\t\t\t\t<a class=\"person-profile__social-icon\" href=\"mailto:dirk.schroeder@bencke.de\" target=\"_self\"><i class=\"fa  fa-envelope-square\"><\/i><\/a>\n\t\t\t\t\t\t\t\t\t<\/div>\n\t\t\t\t\t\t<div class=\"person-profile__content\">\n\t\t\t\t\t\t\t\t\t<span class=\"person-profile__tag\">Spezialist f\u00fcr Medientechnik und Video\u00fcberwachung<\/span>\n\t\t\t\t\t\t\t\t<h4 class=\"card-title  person-profile__name\">Dirk Schroeder<\/h4>\n\t\t\t\t<p class=\"card-text  person-profile__description\">Telefon: 04141 - 41 11 40<\/p>\n\t\t\t<\/div>\n\t\t<\/div>\n\t<\/div>\n\n<\/div><div id=\"panel-864-0-1-1\" class=\"so-panel widget widget_metaslider_widget\" data-index=\"3\" ><div id=\"metaslider-id-1673\" style=\"max-width: 800px;\" class=\"ml-slider-3-108-0 metaslider metaslider-flex metaslider-1673 ml-slider has-dots-nav ms-theme-default\" role=\"region\" aria-label=\"Beamer\" data-height=\"600\" data-width=\"800\">\n    <div id=\"metaslider_container_1673\">\n        <div id=\"metaslider_1673\">\n            <ul class='slides'>\n                <li style=\"display: block; width: 100%;\" class=\"slide-1674 ms-image \" aria-roledescription=\"slide\" data-date=\"2018-01-31 16:16:47\" data-filename=\"k-WHD12-710x533.jpg\" data-slide-type=\"image\"><img loading=\"lazy\" decoding=\"async\" src=\"https:\/\/bencke.de\/staging\/wp-content\/uploads\/2018\/01\/k-WHD12-710x533.jpg\" height=\"600\" width=\"800\" alt=\"\" class=\"slider-1673 slide-1674 msDefaultImage\" \/><\/li>\n                <li style=\"display: none; width: 100%;\" class=\"slide-1741 ms-image \" aria-roledescription=\"slide\" data-date=\"2018-02-01 12:35:31\" data-filename=\"kern01.jpg\" data-slide-type=\"image\"><img loading=\"lazy\" decoding=\"async\" src=\"https:\/\/bencke.de\/staging\/wp-content\/uploads\/2018\/02\/kern01.jpg\" height=\"600\" width=\"800\" alt=\"\" class=\"slider-1673 slide-1741 msDefaultImage\" \/><\/li>\n                <li style=\"display: none; width: 100%;\" class=\"slide-1742 ms-image \" aria-roledescription=\"slide\" data-date=\"2018-02-01 12:35:37\" data-filename=\"kern10.jpg\" data-slide-type=\"image\"><img loading=\"lazy\" decoding=\"async\" src=\"https:\/\/bencke.de\/staging\/wp-content\/uploads\/2018\/02\/kern10.jpg\" height=\"600\" width=\"800\" alt=\"\" class=\"slider-1673 slide-1742 msDefaultImage\" \/><\/li>\n                <li style=\"display: none; width: 100%;\" class=\"slide-1743 ms-image \" aria-roledescription=\"slide\" data-date=\"2018-02-01 12:36:01\" data-filename=\"kern09.jpg\" data-slide-type=\"image\"><img loading=\"lazy\" decoding=\"async\" src=\"https:\/\/bencke.de\/staging\/wp-content\/uploads\/2018\/02\/kern09.jpg\" height=\"600\" width=\"800\" alt=\"\" class=\"slider-1673 slide-1743 msDefaultImage\" \/><\/li>\n                <li style=\"display: none; width: 100%;\" class=\"slide-1744 ms-image \" aria-roledescription=\"slide\" data-date=\"2018-02-01 12:36:14\" data-filename=\"kern04.jpg\" data-slide-type=\"image\"><img loading=\"lazy\" decoding=\"async\" src=\"https:\/\/bencke.de\/staging\/wp-content\/uploads\/2018\/02\/kern04.jpg\" height=\"600\" width=\"800\" alt=\"\" class=\"slider-1673 slide-1744 msDefaultImage\" \/><\/li>\n                <li style=\"display: none; width: 100%;\" class=\"slide-1745 ms-image \" aria-roledescription=\"slide\" data-date=\"2018-02-01 12:36:28\" data-filename=\"kern06.jpg\" data-slide-type=\"image\"><img loading=\"lazy\" decoding=\"async\" src=\"https:\/\/bencke.de\/staging\/wp-content\/uploads\/2018\/02\/kern06.jpg\" height=\"600\" width=\"800\" alt=\"\" class=\"slider-1673 slide-1745 msDefaultImage\" \/><\/li>\n                <li style=\"display: none; width: 100%;\" class=\"slide-1746 ms-image \" aria-roledescription=\"slide\" data-date=\"2018-02-01 12:36:47\" data-filename=\"kern02.jpg\" data-slide-type=\"image\"><img loading=\"lazy\" decoding=\"async\" src=\"https:\/\/bencke.de\/staging\/wp-content\/uploads\/2018\/02\/kern02.jpg\" height=\"600\" width=\"800\" alt=\"\" class=\"slider-1673 slide-1746 msDefaultImage\" \/><\/li>\n            <\/ul>\n        <\/div>\n        \n    <\/div>\n<\/div><\/div><div id=\"panel-864-0-1-2\" class=\"so-panel widget widget_sow-editor panel-last-child\" data-index=\"4\" ><div\n\t\t\t\n\t\t\tclass=\"so-widget-sow-editor so-widget-sow-editor-base\"\n\t\t\t\n\t\t>\n<div class=\"siteorigin-widget-tinymce textwidget\">\n\t<h3>Ihre Vorteile<\/h3>\n<ul>\n<li>Pers\u00f6nliche, faire Beratung<\/li>\n<li>Service<\/li>\n<li>Eigene Meisterwerkstatt<\/li>\n<li>Eigener Kundendienst<\/li>\n<li>Montageservice<\/li>\n<li>Lieferung<\/li>\n<li>Preissicherheit \/ Preisgarantie<\/li>\n<li>Finanzierung<\/li>\n<li>Parkpl\u00e4tze<\/li>\n<li>Zentral in Stade gelegen<\/li>\n<li>Geschulte Mitarbeiter<\/li>\n<\/ul>\n<\/div>\n<\/div><\/div><\/div><\/div><\/div><\/div><div id=\"pg-864-1\"  class=\"panel-grid panel-has-style\" ><div class=\"siteorigin-panels-stretch panel-row-style panel-row-style-for-864-1\" data-stretch-type=\"full-stretched\" ><div id=\"pgc-864-1-0\"  class=\"panel-grid-cell\" ><div id=\"panel-864-1-0-0\" class=\"so-panel widget widget_black-studio-tinymce widget_black_studio_tinymce panel-first-child panel-last-child\" data-index=\"5\" ><div class=\"cmmap panel-widget-style panel-widget-style-for-864-1-0-0\" ><div class=\"textwidget\"><p> <div class=\"brlbs-cmpnt-container brlbs-cmpnt-content-blocker brlbs-cmpnt-with-individual-styles\" data-borlabs-cookie-content-blocker-id=\"default\" data-borlabs-cookie-content=\"PGlmcmFtZSBsb2FkaW5nPSJsYXp5IiB3aWR0aD0iMTAwJSIgaGVpZ2h0PSI0MDAiIGZyYW1lYm9yZGVyPSIwIiBzY3JvbGxpbmc9Im5vIiBzcmM9Imh0dHBzOi8vYXBwcy5jaXR5LW1hcC5kZS9pbmRleC5waHAvTWFwcy9NYWluQ3VzdG9tZXIvMC8xNTY4L2FwcHMuY2l0eS1tYXAuZGUvZGUvaW50ZXJhY3RpdmUvNDUwLzQ1MC8yIj4gPC9pZnJhbWU+\"><div class=\"brlbs-cmpnt-cb-preset-a\"> <p class=\"brlbs-cmpnt-cb-description\">Sie sehen gerade einen Platzhalterinhalt von <strong>Standard<\/strong>. Um auf den eigentlichen Inhalt zuzugreifen, klicken Sie auf den Button unten. Bitte beachten Sie, dass dabei Daten an Drittanbieter weitergegeben werden.<\/p> <div class=\"brlbs-cmpnt-cb-buttons\"> <a class=\"brlbs-cmpnt-cb-btn\" href=\"#\" data-borlabs-cookie-unblock role=\"button\">Inhalt entsperren<\/a> <a class=\"brlbs-cmpnt-cb-btn\" href=\"#\" data-borlabs-cookie-accept-service role=\"button\" style=\"display: none\">Erforderlichen Service akzeptieren und Inhalte entsperren<\/a> <\/div> <a class=\"brlbs-cmpnt-cb-provider-toggle\" href=\"#\" data-borlabs-cookie-show-provider-information role=\"button\">Weitere Informationen<\/a> <\/div><\/div><\/p>\n<\/div><\/div><\/div><\/div><\/div><\/div><\/div>","protected":false},"excerpt":{"rendered":"<p>Ob sie einen Beamer oder Gro\u00dfformatmonitor ben\u00f6tigen f\u00fcr Ihr privates Kinozimmer oder professionell im Konferenzraum, sprechen Sie uns an.<\/p>\n","protected":false},"author":1,"featured_media":1619,"parent":0,"menu_order":0,"comment_status":"closed","ping_status":"closed","template":"template-front-page-slider.php","meta":{"_acf_changed":false,"footnotes":""},"class_list":["post-864","page","type-page","status-publish","has-post-thumbnail","hentry"],"acf":[],"yoast_head":"<!-- This site is optimized with the Yoast SEO plugin v27.5 - https:\/\/yoast.com\/product\/yoast-seo-wordpress\/ -->\n<title>Medientechnik &amp; Konferenzr\u00e4ume - BENCKE multimedia GmbH Staging<\/title>\n<meta name=\"robots\" content=\"noindex, follow, max-snippet:-1, max-image-preview:large, max-video-preview:-1\" \/>\n<meta property=\"og:locale\" content=\"de_DE\" \/>\n<meta property=\"og:type\" content=\"article\" \/>\n<meta property=\"og:title\" content=\"Medientechnik &amp; Konferenzr\u00e4ume - BENCKE multimedia GmbH Staging\" \/>\n<meta property=\"og:description\" content=\"Ob sie einen Beamer oder Gro\u00dfformatmonitor ben\u00f6tigen f\u00fcr Ihr privates Kinozimmer oder professionell im Konferenzraum, sprechen Sie uns an.\" \/>\n<meta property=\"og:url\" content=\"https:\/\/bencke.de\/staging\/medientechnik-konferenzraeume\/\" \/>\n<meta property=\"og:site_name\" content=\"BENCKE multimedia GmbH Staging\" \/>\n<meta property=\"article:publisher\" content=\"https:\/\/www.facebook.com\/Bencke-Multimedia-GmbH-109591069133129\/\" \/>\n<meta property=\"article:modified_time\" content=\"2018-08-24T07:04:03+00:00\" \/>\n<meta property=\"og:image\" content=\"https:\/\/bencke.de\/staging\/wp-content\/uploads\/2018\/01\/k-WHD12.jpg\" \/>\n\t<meta property=\"og:image:width\" content=\"800\" \/>\n\t<meta property=\"og:image:height\" content=\"533\" \/>\n\t<meta property=\"og:image:type\" content=\"image\/jpeg\" \/>\n<meta name=\"twitter:card\" content=\"summary_large_image\" \/>\n<meta name=\"twitter:label1\" content=\"Gesch\u00e4tzte Lesezeit\" \/>\n\t<meta name=\"twitter:data1\" content=\"1\u00a0Minute\" \/>\n<script type=\"application\/ld+json\" class=\"yoast-schema-graph\">{\"@context\":\"https:\\\/\\\/schema.org\",\"@graph\":[{\"@type\":\"WebPage\",\"@id\":\"https:\\\/\\\/bencke.de\\\/staging\\\/medientechnik-konferenzraeume\\\/\",\"url\":\"https:\\\/\\\/bencke.de\\\/staging\\\/medientechnik-konferenzraeume\\\/\",\"name\":\"Medientechnik & Konferenzr\u00e4ume - BENCKE multimedia GmbH Staging\",\"isPartOf\":{\"@id\":\"https:\\\/\\\/bencke.de\\\/staging\\\/#website\"},\"primaryImageOfPage\":{\"@id\":\"https:\\\/\\\/bencke.de\\\/staging\\\/medientechnik-konferenzraeume\\\/#primaryimage\"},\"image\":{\"@id\":\"https:\\\/\\\/bencke.de\\\/staging\\\/medientechnik-konferenzraeume\\\/#primaryimage\"},\"thumbnailUrl\":\"https:\\\/\\\/bencke.de\\\/staging\\\/wp-content\\\/uploads\\\/2018\\\/01\\\/k-WHD12.jpg\",\"datePublished\":\"2017-05-09T14:37:36+00:00\",\"dateModified\":\"2018-08-24T07:04:03+00:00\",\"breadcrumb\":{\"@id\":\"https:\\\/\\\/bencke.de\\\/staging\\\/medientechnik-konferenzraeume\\\/#breadcrumb\"},\"inLanguage\":\"de\",\"potentialAction\":[{\"@type\":\"ReadAction\",\"target\":[\"https:\\\/\\\/bencke.de\\\/staging\\\/medientechnik-konferenzraeume\\\/\"]}]},{\"@type\":\"ImageObject\",\"inLanguage\":\"de\",\"@id\":\"https:\\\/\\\/bencke.de\\\/staging\\\/medientechnik-konferenzraeume\\\/#primaryimage\",\"url\":\"https:\\\/\\\/bencke.de\\\/staging\\\/wp-content\\\/uploads\\\/2018\\\/01\\\/k-WHD12.jpg\",\"contentUrl\":\"https:\\\/\\\/bencke.de\\\/staging\\\/wp-content\\\/uploads\\\/2018\\\/01\\\/k-WHD12.jpg\",\"width\":800,\"height\":533},{\"@type\":\"BreadcrumbList\",\"@id\":\"https:\\\/\\\/bencke.de\\\/staging\\\/medientechnik-konferenzraeume\\\/#breadcrumb\",\"itemListElement\":[{\"@type\":\"ListItem\",\"position\":1,\"name\":\"Startseite\",\"item\":\"https:\\\/\\\/bencke.de\\\/staging\\\/\"},{\"@type\":\"ListItem\",\"position\":2,\"name\":\"Medientechnik &#038; Konferenzr\u00e4ume\"}]},{\"@type\":\"WebSite\",\"@id\":\"https:\\\/\\\/bencke.de\\\/staging\\\/#website\",\"url\":\"https:\\\/\\\/bencke.de\\\/staging\\\/\",\"name\":\"BENCKE multimedia GmbH Staging\",\"description\":\"\",\"potentialAction\":[{\"@type\":\"SearchAction\",\"target\":{\"@type\":\"EntryPoint\",\"urlTemplate\":\"https:\\\/\\\/bencke.de\\\/staging\\\/?s={search_term_string}\"},\"query-input\":{\"@type\":\"PropertyValueSpecification\",\"valueRequired\":true,\"valueName\":\"search_term_string\"}}],\"inLanguage\":\"de\"}]}<\/script>\n<!-- \/ Yoast SEO plugin. -->","yoast_head_json":{"title":"Medientechnik & Konferenzr\u00e4ume - BENCKE multimedia GmbH Staging","robots":{"index":"noindex","follow":"follow","max-snippet":"max-snippet:-1","max-image-preview":"max-image-preview:large","max-video-preview":"max-video-preview:-1"},"og_locale":"de_DE","og_type":"article","og_title":"Medientechnik & Konferenzr\u00e4ume - BENCKE multimedia GmbH Staging","og_description":"Ob sie einen Beamer oder Gro\u00dfformatmonitor ben\u00f6tigen f\u00fcr Ihr privates Kinozimmer oder professionell im Konferenzraum, sprechen Sie uns an.","og_url":"https:\/\/bencke.de\/staging\/medientechnik-konferenzraeume\/","og_site_name":"BENCKE multimedia GmbH Staging","article_publisher":"https:\/\/www.facebook.com\/Bencke-Multimedia-GmbH-109591069133129\/","article_modified_time":"2018-08-24T07:04:03+00:00","og_image":[{"width":800,"height":533,"url":"https:\/\/bencke.de\/staging\/wp-content\/uploads\/2018\/01\/k-WHD12.jpg","type":"image\/jpeg"}],"twitter_card":"summary_large_image","twitter_misc":{"Gesch\u00e4tzte Lesezeit":"1\u00a0Minute"},"schema":{"@context":"https:\/\/schema.org","@graph":[{"@type":"WebPage","@id":"https:\/\/bencke.de\/staging\/medientechnik-konferenzraeume\/","url":"https:\/\/bencke.de\/staging\/medientechnik-konferenzraeume\/","name":"Medientechnik & Konferenzr\u00e4ume - BENCKE multimedia GmbH Staging","isPartOf":{"@id":"https:\/\/bencke.de\/staging\/#website"},"primaryImageOfPage":{"@id":"https:\/\/bencke.de\/staging\/medientechnik-konferenzraeume\/#primaryimage"},"image":{"@id":"https:\/\/bencke.de\/staging\/medientechnik-konferenzraeume\/#primaryimage"},"thumbnailUrl":"https:\/\/bencke.de\/staging\/wp-content\/uploads\/2018\/01\/k-WHD12.jpg","datePublished":"2017-05-09T14:37:36+00:00","dateModified":"2018-08-24T07:04:03+00:00","breadcrumb":{"@id":"https:\/\/bencke.de\/staging\/medientechnik-konferenzraeume\/#breadcrumb"},"inLanguage":"de","potentialAction":[{"@type":"ReadAction","target":["https:\/\/bencke.de\/staging\/medientechnik-konferenzraeume\/"]}]},{"@type":"ImageObject","inLanguage":"de","@id":"https:\/\/bencke.de\/staging\/medientechnik-konferenzraeume\/#primaryimage","url":"https:\/\/bencke.de\/staging\/wp-content\/uploads\/2018\/01\/k-WHD12.jpg","contentUrl":"https:\/\/bencke.de\/staging\/wp-content\/uploads\/2018\/01\/k-WHD12.jpg","width":800,"height":533},{"@type":"BreadcrumbList","@id":"https:\/\/bencke.de\/staging\/medientechnik-konferenzraeume\/#breadcrumb","itemListElement":[{"@type":"ListItem","position":1,"name":"Startseite","item":"https:\/\/bencke.de\/staging\/"},{"@type":"ListItem","position":2,"name":"Medientechnik &#038; Konferenzr\u00e4ume"}]},{"@type":"WebSite","@id":"https:\/\/bencke.de\/staging\/#website","url":"https:\/\/bencke.de\/staging\/","name":"BENCKE multimedia GmbH Staging","description":"","potentialAction":[{"@type":"SearchAction","target":{"@type":"EntryPoint","urlTemplate":"https:\/\/bencke.de\/staging\/?s={search_term_string}"},"query-input":{"@type":"PropertyValueSpecification","valueRequired":true,"valueName":"search_term_string"}}],"inLanguage":"de"}]}},"_links":{"self":[{"href":"https:\/\/bencke.de\/staging\/wp-json\/wp\/v2\/pages\/864","targetHints":{"allow":["GET"]}}],"collection":[{"href":"https:\/\/bencke.de\/staging\/wp-json\/wp\/v2\/pages"}],"about":[{"href":"https:\/\/bencke.de\/staging\/wp-json\/wp\/v2\/types\/page"}],"author":[{"embeddable":true,"href":"https:\/\/bencke.de\/staging\/wp-json\/wp\/v2\/users\/1"}],"replies":[{"embeddable":true,"href":"https:\/\/bencke.de\/staging\/wp-json\/wp\/v2\/comments?post=864"}],"version-history":[{"count":41,"href":"https:\/\/bencke.de\/staging\/wp-json\/wp\/v2\/pages\/864\/revisions"}],"predecessor-version":[{"id":2233,"href":"https:\/\/bencke.de\/staging\/wp-json\/wp\/v2\/pages\/864\/revisions\/2233"}],"wp:featuredmedia":[{"embeddable":true,"href":"https:\/\/bencke.de\/staging\/wp-json\/wp\/v2\/media\/1619"}],"wp:attachment":[{"href":"https:\/\/bencke.de\/staging\/wp-json\/wp\/v2\/media?parent=864"}],"curies":[{"name":"wp","href":"https:\/\/api.w.org\/{rel}","templated":true}]}}