{"id":866,"date":"2017-05-09T16:37:46","date_gmt":"2017-05-09T14:37:46","guid":{"rendered":"https:\/\/bencke.de\/?page_id=866"},"modified":"2018-08-24T09:06:05","modified_gmt":"2018-08-24T07:06:05","slug":"videoueberwachungsanlagen","status":"publish","type":"page","link":"https:\/\/bencke.de\/staging\/videoueberwachungsanlagen\/","title":{"rendered":"Video\u00fcberwachung"},"content":{"rendered":"<div id=\"pl-866\"  class=\"panel-layout\" ><div id=\"pg-866-0\"  class=\"panel-grid panel-has-style\" ><div class=\"test1 panel-row-style panel-row-style-for-866-0\" ><div id=\"pgc-866-0-0\"  class=\"panel-grid-cell\" ><div class=\"test2 panel-cell-style panel-cell-style-for-866-0-0\" ><div id=\"panel-866-0-0-0\" class=\"so-panel widget widget_sow-editor panel-first-child\" data-index=\"0\" ><div\n\t\t\t\n\t\t\tclass=\"so-widget-sow-editor so-widget-sow-editor-base\"\n\t\t\t\n\t\t>\n<div class=\"siteorigin-widget-tinymce textwidget\">\n\t<h1>Video\u00fcberwachung<\/h1>\n<\/div>\n<\/div><\/div><div id=\"panel-866-0-0-1\" class=\"so-panel widget widget_sow-editor panel-last-child\" data-index=\"1\" ><div\n\t\t\t\n\t\t\tclass=\"so-widget-sow-editor so-widget-sow-editor-base\"\n\t\t\t\n\t\t>\n<div class=\"siteorigin-widget-tinymce textwidget\">\n\t<p>&nbsp;<\/p>\n<p><strong>Steigende Kriminalit\u00e4tsbelastung durch Diebstahl oder Vandalismus und st\u00e4ndig h\u00f6here Qualit\u00e4tsanforderungen.<\/strong><\/p>\n<p><strong>Anzutreffen sind diese zentralen Begriffe in unterschiedlichsten Bereichen, z.B. in der Industrie, im Einzelhandel, bei Banken, im Gro\u00dfhandel, bei Speditionen, bei Beh\u00f6rden oder auch im Privatbereich. In vielen der genannten Risikobereiche kann der Einsatz von Video-\u00dcberwachungsanlagen zur Beseitigung bzw. Reduzierung von Problemen beitragen.<\/strong><\/p>\n<p><strong>Highlights unserer professionellen Video\u00fcberwachung:<\/strong><\/p>\n<ul>\n<li><strong>Aufzeichnung Live Bild<\/strong><\/li>\n<\/ul>\n<ul>\n<li><strong>Bewegungsmelder \/ Alarmierungen<\/strong><\/li>\n<\/ul>\n<ul>\n<li><strong>Kalenderfunktion<\/strong><\/li>\n<\/ul>\n<ul>\n<li><strong>Fernzugriff \u00fcber das Netzwerk\/Internet<\/strong><\/li>\n<\/ul>\n<\/div>\n<\/div><\/div><\/div><\/div><div id=\"pgc-866-0-1\"  class=\"panel-grid-cell\" ><div class=\"test2 panel-cell-style panel-cell-style-for-866-0-1\" ><div id=\"panel-866-0-1-0\" class=\"so-panel widget widget_pw_person_profile widget-person-profile panel-first-child\" data-index=\"2\" >\n\t<div class=\"card  person-profile\">\n\t\t\t\t<img decoding=\"async\" class=\"person-profile__image  wp-post-image\" src=\"https:\/\/bencke.de\/wp-content\/uploads\/2017\/05\/Dierk.Schroeder.jpg\" alt=\"Bild von Dirk Schroeder\">\n\t\t\t\t<div class=\"card-block  person-profile__container\">\n\t\t\t\t\t\t\t<div class=\"person-profile__social-icons\">\n\t\t\t\t\t\t\t\t\t\t\t<a class=\"person-profile__social-icon\" href=\"tel:+494141411140\" target=\"_self\"><i class=\"fa  fa-phone-square\"><\/i><\/a>\n\t\t\t\t\t\t\t\t\t\t\t<a class=\"person-profile__social-icon\" href=\"mailto:dirk.schroeder@bencke.de\" target=\"_self\"><i class=\"fa  fa-envelope-square\"><\/i><\/a>\n\t\t\t\t\t\t\t\t\t<\/div>\n\t\t\t\t\t\t<div class=\"person-profile__content\">\n\t\t\t\t\t\t\t\t\t<span class=\"person-profile__tag\">Spezialist f\u00fcr Medientechnik und Video\u00fcberwachung<\/span>\n\t\t\t\t\t\t\t\t<h4 class=\"card-title  person-profile__name\">Dirk Schroeder<\/h4>\n\t\t\t\t<p class=\"card-text  person-profile__description\">Telefon: 04141 41 11 40<\/p>\n\t\t\t<\/div>\n\t\t<\/div>\n\t<\/div>\n\n<\/div><div id=\"panel-866-0-1-1\" class=\"so-panel widget widget_sow-editor panel-last-child\" data-index=\"3\" ><div\n\t\t\t\n\t\t\tclass=\"so-widget-sow-editor so-widget-sow-editor-base\"\n\t\t\t\n\t\t>\n<div class=\"siteorigin-widget-tinymce textwidget\">\n\t<h3>Ihre Vorteile<\/h3>\n<ul>\n<li>Pers\u00f6nliche, faire Beratung<\/li>\n<li>Service<\/li>\n<li>Eigene Meisterwerkstatt<\/li>\n<li>Eigener Kundendienst<\/li>\n<li>Montageservice<\/li>\n<li>Lieferung<\/li>\n<li>Preissicherheit \/ Preisgarantie<\/li>\n<li>Finanzierung<\/li>\n<li>Parkpl\u00e4tze<\/li>\n<li>Zentral in Stade gelegen<\/li>\n<li>Geschulte Mitarbeiter<\/li>\n<\/ul>\n<\/div>\n<\/div><\/div><\/div><\/div><\/div><\/div><div id=\"pg-866-1\"  class=\"panel-grid panel-has-style\" ><div class=\"siteorigin-panels-stretch panel-row-style panel-row-style-for-866-1\" data-stretch-type=\"full-stretched\" ><div id=\"pgc-866-1-0\"  class=\"panel-grid-cell\" ><div id=\"panel-866-1-0-0\" class=\"so-panel widget widget_black-studio-tinymce widget_black_studio_tinymce panel-first-child panel-last-child\" data-index=\"4\" ><div class=\"cmmap panel-widget-style panel-widget-style-for-866-1-0-0\" ><div class=\"textwidget\"><p> <div class=\"brlbs-cmpnt-container brlbs-cmpnt-content-blocker brlbs-cmpnt-with-individual-styles\" data-borlabs-cookie-content-blocker-id=\"default\" data-borlabs-cookie-content=\"PGlmcmFtZSBsb2FkaW5nPSJsYXp5IiB3aWR0aD0iMTAwJSIgaGVpZ2h0PSI0MDAiIGZyYW1lYm9yZGVyPSIwIiBzY3JvbGxpbmc9Im5vIiBzcmM9Imh0dHBzOi8vYXBwcy5jaXR5LW1hcC5kZS9pbmRleC5waHAvTWFwcy9NYWluQ3VzdG9tZXIvMC8xNTY4L2FwcHMuY2l0eS1tYXAuZGUvZGUvaW50ZXJhY3RpdmUvNDUwLzQ1MC8yIj4gPC9pZnJhbWU+\"><div class=\"brlbs-cmpnt-cb-preset-a\"> <p class=\"brlbs-cmpnt-cb-description\">Sie sehen gerade einen Platzhalterinhalt von <strong>Standard<\/strong>. Um auf den eigentlichen Inhalt zuzugreifen, klicken Sie auf den Button unten. Bitte beachten Sie, dass dabei Daten an Drittanbieter weitergegeben werden.<\/p> <div class=\"brlbs-cmpnt-cb-buttons\"> <a class=\"brlbs-cmpnt-cb-btn\" href=\"#\" data-borlabs-cookie-unblock role=\"button\">Inhalt entsperren<\/a> <a class=\"brlbs-cmpnt-cb-btn\" href=\"#\" data-borlabs-cookie-accept-service role=\"button\" style=\"display: none\">Erforderlichen Service akzeptieren und Inhalte entsperren<\/a> <\/div> <a class=\"brlbs-cmpnt-cb-provider-toggle\" href=\"#\" data-borlabs-cookie-show-provider-information role=\"button\">Weitere Informationen<\/a> <\/div><\/div><\/p>\n<\/div><\/div><\/div><\/div><\/div><\/div><\/div>","protected":false},"excerpt":{"rendered":"<p>Widmen Sie sich entspannt Ihrem Kerngesch\u00e4ft zu, fokussiert auf erstklassige Produkte und Service sorgen wir mit unseren starken Partnern f\u00fcr Rund-um-die-Uhr-Funktionalit\u00e4t.<\/p>\n","protected":false},"author":1,"featured_media":1297,"parent":0,"menu_order":0,"comment_status":"closed","ping_status":"closed","template":"template-front-page-slider.php","meta":{"_acf_changed":false,"footnotes":""},"class_list":["post-866","page","type-page","status-publish","has-post-thumbnail","hentry"],"acf":[],"yoast_head":"<!-- This site is optimized with the Yoast SEO plugin v27.5 - https:\/\/yoast.com\/product\/yoast-seo-wordpress\/ -->\n<title>Video\u00fcberwachungsanlagen Set kaufen | BENCKE Stade<\/title>\n<meta name=\"description\" content=\"Video\u00fcberwachungsanlagen der neuen Generation - auch kabellos und in Full-HD-Bild | \u00dcberwachung rund um die Uhr AVITEC Videotechnik\" \/>\n<meta name=\"robots\" content=\"noindex, follow, max-snippet:-1, max-image-preview:large, max-video-preview:-1\" \/>\n<meta property=\"og:locale\" content=\"de_DE\" \/>\n<meta property=\"og:type\" content=\"article\" \/>\n<meta property=\"og:title\" content=\"Video\u00fcberwachungsanlagen Set kaufen | BENCKE Stade\" \/>\n<meta property=\"og:description\" content=\"Video\u00fcberwachungsanlagen der neuen Generation - auch kabellos und in Full-HD-Bild | \u00dcberwachung rund um die Uhr AVITEC Videotechnik\" \/>\n<meta property=\"og:url\" content=\"https:\/\/bencke.de\/staging\/videoueberwachungsanlagen\/\" \/>\n<meta property=\"og:site_name\" content=\"BENCKE multimedia GmbH Staging\" \/>\n<meta property=\"article:publisher\" content=\"https:\/\/www.facebook.com\/Bencke-Multimedia-GmbH-109591069133129\/\" \/>\n<meta property=\"article:modified_time\" content=\"2018-08-24T07:06:05+00:00\" \/>\n<meta property=\"og:image\" content=\"https:\/\/bencke.de\/staging\/wp-content\/uploads\/2017\/05\/IMG_1651.jpg\" \/>\n\t<meta property=\"og:image:width\" content=\"1920\" \/>\n\t<meta property=\"og:image:height\" content=\"600\" \/>\n\t<meta property=\"og:image:type\" content=\"image\/jpeg\" \/>\n<meta name=\"twitter:card\" content=\"summary_large_image\" \/>\n<script type=\"application\/ld+json\" class=\"yoast-schema-graph\">{\"@context\":\"https:\\\/\\\/schema.org\",\"@graph\":[{\"@type\":\"WebPage\",\"@id\":\"https:\\\/\\\/bencke.de\\\/staging\\\/videoueberwachungsanlagen\\\/\",\"url\":\"https:\\\/\\\/bencke.de\\\/staging\\\/videoueberwachungsanlagen\\\/\",\"name\":\"Video\u00fcberwachungsanlagen Set kaufen | BENCKE Stade\",\"isPartOf\":{\"@id\":\"https:\\\/\\\/bencke.de\\\/staging\\\/#website\"},\"primaryImageOfPage\":{\"@id\":\"https:\\\/\\\/bencke.de\\\/staging\\\/videoueberwachungsanlagen\\\/#primaryimage\"},\"image\":{\"@id\":\"https:\\\/\\\/bencke.de\\\/staging\\\/videoueberwachungsanlagen\\\/#primaryimage\"},\"thumbnailUrl\":\"https:\\\/\\\/bencke.de\\\/staging\\\/wp-content\\\/uploads\\\/2017\\\/05\\\/IMG_1651.jpg\",\"datePublished\":\"2017-05-09T14:37:46+00:00\",\"dateModified\":\"2018-08-24T07:06:05+00:00\",\"description\":\"Video\u00fcberwachungsanlagen der neuen Generation - auch kabellos und in Full-HD-Bild | \u00dcberwachung rund um die Uhr AVITEC Videotechnik\",\"breadcrumb\":{\"@id\":\"https:\\\/\\\/bencke.de\\\/staging\\\/videoueberwachungsanlagen\\\/#breadcrumb\"},\"inLanguage\":\"de\",\"potentialAction\":[{\"@type\":\"ReadAction\",\"target\":[\"https:\\\/\\\/bencke.de\\\/staging\\\/videoueberwachungsanlagen\\\/\"]}]},{\"@type\":\"ImageObject\",\"inLanguage\":\"de\",\"@id\":\"https:\\\/\\\/bencke.de\\\/staging\\\/videoueberwachungsanlagen\\\/#primaryimage\",\"url\":\"https:\\\/\\\/bencke.de\\\/staging\\\/wp-content\\\/uploads\\\/2017\\\/05\\\/IMG_1651.jpg\",\"contentUrl\":\"https:\\\/\\\/bencke.de\\\/staging\\\/wp-content\\\/uploads\\\/2017\\\/05\\\/IMG_1651.jpg\",\"width\":1920,\"height\":600},{\"@type\":\"BreadcrumbList\",\"@id\":\"https:\\\/\\\/bencke.de\\\/staging\\\/videoueberwachungsanlagen\\\/#breadcrumb\",\"itemListElement\":[{\"@type\":\"ListItem\",\"position\":1,\"name\":\"Startseite\",\"item\":\"https:\\\/\\\/bencke.de\\\/staging\\\/\"},{\"@type\":\"ListItem\",\"position\":2,\"name\":\"Video\u00fcberwachung\"}]},{\"@type\":\"WebSite\",\"@id\":\"https:\\\/\\\/bencke.de\\\/staging\\\/#website\",\"url\":\"https:\\\/\\\/bencke.de\\\/staging\\\/\",\"name\":\"BENCKE multimedia GmbH Staging\",\"description\":\"\",\"potentialAction\":[{\"@type\":\"SearchAction\",\"target\":{\"@type\":\"EntryPoint\",\"urlTemplate\":\"https:\\\/\\\/bencke.de\\\/staging\\\/?s={search_term_string}\"},\"query-input\":{\"@type\":\"PropertyValueSpecification\",\"valueRequired\":true,\"valueName\":\"search_term_string\"}}],\"inLanguage\":\"de\"}]}<\/script>\n<!-- \/ Yoast SEO plugin. -->","yoast_head_json":{"title":"Video\u00fcberwachungsanlagen Set kaufen | BENCKE Stade","description":"Video\u00fcberwachungsanlagen der neuen Generation - auch kabellos und in Full-HD-Bild | \u00dcberwachung rund um die Uhr AVITEC Videotechnik","robots":{"index":"noindex","follow":"follow","max-snippet":"max-snippet:-1","max-image-preview":"max-image-preview:large","max-video-preview":"max-video-preview:-1"},"og_locale":"de_DE","og_type":"article","og_title":"Video\u00fcberwachungsanlagen Set kaufen | BENCKE Stade","og_description":"Video\u00fcberwachungsanlagen der neuen Generation - auch kabellos und in Full-HD-Bild | \u00dcberwachung rund um die Uhr AVITEC Videotechnik","og_url":"https:\/\/bencke.de\/staging\/videoueberwachungsanlagen\/","og_site_name":"BENCKE multimedia GmbH Staging","article_publisher":"https:\/\/www.facebook.com\/Bencke-Multimedia-GmbH-109591069133129\/","article_modified_time":"2018-08-24T07:06:05+00:00","og_image":[{"width":1920,"height":600,"url":"https:\/\/bencke.de\/staging\/wp-content\/uploads\/2017\/05\/IMG_1651.jpg","type":"image\/jpeg"}],"twitter_card":"summary_large_image","schema":{"@context":"https:\/\/schema.org","@graph":[{"@type":"WebPage","@id":"https:\/\/bencke.de\/staging\/videoueberwachungsanlagen\/","url":"https:\/\/bencke.de\/staging\/videoueberwachungsanlagen\/","name":"Video\u00fcberwachungsanlagen Set kaufen | BENCKE Stade","isPartOf":{"@id":"https:\/\/bencke.de\/staging\/#website"},"primaryImageOfPage":{"@id":"https:\/\/bencke.de\/staging\/videoueberwachungsanlagen\/#primaryimage"},"image":{"@id":"https:\/\/bencke.de\/staging\/videoueberwachungsanlagen\/#primaryimage"},"thumbnailUrl":"https:\/\/bencke.de\/staging\/wp-content\/uploads\/2017\/05\/IMG_1651.jpg","datePublished":"2017-05-09T14:37:46+00:00","dateModified":"2018-08-24T07:06:05+00:00","description":"Video\u00fcberwachungsanlagen der neuen Generation - auch kabellos und in Full-HD-Bild | \u00dcberwachung rund um die Uhr AVITEC Videotechnik","breadcrumb":{"@id":"https:\/\/bencke.de\/staging\/videoueberwachungsanlagen\/#breadcrumb"},"inLanguage":"de","potentialAction":[{"@type":"ReadAction","target":["https:\/\/bencke.de\/staging\/videoueberwachungsanlagen\/"]}]},{"@type":"ImageObject","inLanguage":"de","@id":"https:\/\/bencke.de\/staging\/videoueberwachungsanlagen\/#primaryimage","url":"https:\/\/bencke.de\/staging\/wp-content\/uploads\/2017\/05\/IMG_1651.jpg","contentUrl":"https:\/\/bencke.de\/staging\/wp-content\/uploads\/2017\/05\/IMG_1651.jpg","width":1920,"height":600},{"@type":"BreadcrumbList","@id":"https:\/\/bencke.de\/staging\/videoueberwachungsanlagen\/#breadcrumb","itemListElement":[{"@type":"ListItem","position":1,"name":"Startseite","item":"https:\/\/bencke.de\/staging\/"},{"@type":"ListItem","position":2,"name":"Video\u00fcberwachung"}]},{"@type":"WebSite","@id":"https:\/\/bencke.de\/staging\/#website","url":"https:\/\/bencke.de\/staging\/","name":"BENCKE multimedia GmbH Staging","description":"","potentialAction":[{"@type":"SearchAction","target":{"@type":"EntryPoint","urlTemplate":"https:\/\/bencke.de\/staging\/?s={search_term_string}"},"query-input":{"@type":"PropertyValueSpecification","valueRequired":true,"valueName":"search_term_string"}}],"inLanguage":"de"}]}},"_links":{"self":[{"href":"https:\/\/bencke.de\/staging\/wp-json\/wp\/v2\/pages\/866","targetHints":{"allow":["GET"]}}],"collection":[{"href":"https:\/\/bencke.de\/staging\/wp-json\/wp\/v2\/pages"}],"about":[{"href":"https:\/\/bencke.de\/staging\/wp-json\/wp\/v2\/types\/page"}],"author":[{"embeddable":true,"href":"https:\/\/bencke.de\/staging\/wp-json\/wp\/v2\/users\/1"}],"replies":[{"embeddable":true,"href":"https:\/\/bencke.de\/staging\/wp-json\/wp\/v2\/comments?post=866"}],"version-history":[{"count":48,"href":"https:\/\/bencke.de\/staging\/wp-json\/wp\/v2\/pages\/866\/revisions"}],"predecessor-version":[{"id":2247,"href":"https:\/\/bencke.de\/staging\/wp-json\/wp\/v2\/pages\/866\/revisions\/2247"}],"wp:featuredmedia":[{"embeddable":true,"href":"https:\/\/bencke.de\/staging\/wp-json\/wp\/v2\/media\/1297"}],"wp:attachment":[{"href":"https:\/\/bencke.de\/staging\/wp-json\/wp\/v2\/media?parent=866"}],"curies":[{"name":"wp","href":"https:\/\/api.w.org\/{rel}","templated":true}]}}